{"id":44,"date":"2015-01-20T08:12:21","date_gmt":"2015-01-20T08:12:21","guid":{"rendered":"http:\/\/brezmadezna.com\/sl\/?page_id=44"},"modified":"2019-01-24T06:00:06","modified_gmt":"2019-01-24T06:00:06","slug":"november","status":"publish","type":"page","link":"https:\/\/brezmadezna.com\/sl\/md\/vincencij\/dnevi\/november\/","title":{"rendered":"NOVEMBER"},"content":{"rendered":"<p style=\"color: #000000; text-indent: 0px; letter-spacing: normal;\">13. 11. &#8211;<span class=\"Apple-converted-space\">\u00a0<\/span><strong>Sv. Avgu\u0161tina Pietrantoni<\/strong><span class=\"Apple-converted-space\">\u00a0<\/span>, dev. (1864-1894)<\/p>\n<p style=\"color: #000000; text-indent: 0px; letter-spacing: normal;\"><img loading=\"lazy\" decoding=\"async\" class=\" alignleft\" src=\"https:\/\/brezmadezna.com\/md\/vin\/d\/d-nov_clip_image002.jpg\" alt=\"http:\/\/famvin.org\/wen\/images\/thumb\/2\/22\/Agostina_livia_pietrantoni.jpg\/180px-Agostina_livia_pietrantoni.jpg\" width=\"134\" height=\"193\" \/><\/p>\n<p style=\"color: #000000; text-indent: 0px; letter-spacing: normal;\">Rojena je bila 27. marca 1864 in kr\u0161\u010dena \u0161e isti dan na ime Olivija. Njeni star\u0161i so bili kmetje. Olivija pa je druga od enajstih otrok. Ko je imela \u0161tiri leta je prejela sveto birmo, prvo obhajilo pa leta 1876.<\/p>\n<p style=\"color: #000000; text-indent: 0px; letter-spacing: normal;\">Od zgodnje mladosti je delala na polju ali pasla \u017eivino. Ko je bila stara sedem let, je \u017ee pomagala pri te\u017ea\u0161kem delu. V vre\u010dah so prena\u0161ali kamen za gradnjo ceste od Orvinia do Poggio Moiano. Ko je imela dvanajst let, je \u0161la na zimsko sezonsko delo \u2013 pobirat olive v Tivoli.<\/p>\n<p style=\"color: #000000; text-indent: 0px; letter-spacing: normal;\">Odklonila je \u017eenitno ponudbo, ker je \u010dutila v sebi redovni\u0161ki poklic. Odpotovala je v Rim s stricem, a ni na\u0161la pravega samostana. Ko so jo ogovarjali, da ho\u010de v samostan, da bi se re\u0161ila te\u017ea\u0161kega dela, je odgovorila: \u00bb\u017delim izbrati dru\u017ebo, v kateri bo delo podnevi in pono\u010di.<\/p>\n<p style=\"color: #000000; text-indent: 0px; letter-spacing: normal;\">Generalna predstojnica Usmiljenih sester sv. Joane Antide Thouret ji je spro\u010dila, da jo bodo sprejele. V Rim je prispela 23. marca 1886, stara dvaindvajset let. Po postilatu in noviciatu je dobila ime \u00bbsveta Avgu\u0161tina\u00ab, in odlo\u010dila se je, da bo tako \u017eivela, da bo postala sveta.<\/p>\n<p style=\"color: #000000; text-indent: 0px; letter-spacing: normal;\">Predstojniki so jo poslali delat v bolni\u0161nico Svetega Duha, ki je \u017ee sedemsto let nudila streho bolnim. V tem \u010dasu bolni\u0161nica ni bila naklonjena veri in redovnicam in redovnikom. Kapucini so bili primorani zapustiti bolni\u0161nico in sestram je bilo prepovedano govoriti o Bogu. Delala je z bolniki s tuberkulozo. Zbolela je za to boleznijo, a kot po \u010dude\u017eu ozdravela.<\/p>\n<p style=\"color: #000000; text-indent: 0px; letter-spacing: normal;\">Sestra Avgu\u0161tina je na\u0161la v nekem kotu bolni\u0161nice miren prostor, kjer je mogla uporabiti \u010das za molitev, molila je tudi za bolnike. Nek bolnik Jo\u017eef Romanelli je dobil piko nanjo in jo je sramotil in napadal. Zaradi slabega vedenja je bil odpu\u0161\u010den iz bolni\u0161nice. Sestri pa je \u0161e vedno po\u0161iljal grozilna sporo\u010dila: \u00bbUbil te bom s svojimi rokami; sestra Avgu\u0161tina, samo mesec dni \u0161e ima\u0161 \u017eivljenja&#8230;\u00ab<\/p>\n<p style=\"color: #000000; text-indent: 0px; letter-spacing: normal;\">Jo\u017eef Romanelli je svoje gro\u017enje uresni\u010dil, ko je 13. novembra 1894 napadel sestro Avgu\u0161tino. Ko je umirala za posledicami napada, je bilo sli\u0161ati \u0161epetajo\u010de besede odpu\u0161\u010danja in pro\u0161enj k Mariji.<\/p>\n<p style=\"color: #000000; text-indent: 0px; letter-spacing: normal;\">Pape\u017e Pavel VI jo je pri\u0161tel med bla\u017eene 12. novembra 1972 in pape\u017e janez Pavel II med svete 18. aprila 1999.<\/p>\n<p style=\"color: #000000; text-indent: 0px; letter-spacing: normal;\">27. 11.:<span class=\"Apple-converted-space\">\u00a0<\/span><strong>Brezmade\u017ena Devica Marija s \u010dudodelno svetinjo<\/strong>, praznik. Na dana\u0161nji dan leta 1830 se je presveta Devica prikazala s. Katarini Labour\u00e9 v kapeli materne hi\u0161e v Parizu (140, rue du Bac). Devica Marija je s. Katarini zaupala naro\u010dilo, naj za\u010dnejo izdelovati svetinjice Brezmade\u017ene, kot je videla v prikazni. Svetinjica se je hitro \u0161irila. Ker so se dogajali \u010dude\u017ei, so jo poimenovali \u00bb\u010dudodelna\u00ab. Eden od pomembnih \u010dude\u017eev je bilo spreobrnenja Alfonsa Ratisbone. \u2013 Dana\u0161nji praznik je odobril pape\u017e Leon XIII 23. 7. 1894.<\/p>\n<p style=\"color: #000000; text-indent: 0px; letter-spacing: normal;\">28. 11.:<span class=\"Apple-converted-space\">\u00a0<\/span><strong>Sv. Katarina Labour\u00e9<\/strong>, redovnica. Rodila se je 2. 5. 1806 v Fain-les-Moutiers v burgundski vasi. Kr\u0161\u010dena je bila na ime Zoe. Pri osmih letih ji je umrla mama in tako jo je nadome\u0161\u010dala pri doma\u010dih hi\u0161nih opravilih. Ko je bila sta 18 let se je nau\u010dila brati in pisati. Aprila 1830 je vstopila k usmiljenkam v Parizu. 18. julija je prvi\u010d videla presveto Devico v sestrski kapeli na 140, rue du Bac. 27. 11. 1830 ji je Devica Marija razodela in naro\u010dila kovati svetinjo, ki jo imenujemo \u010dudodelna.<span class=\"Apple-converted-space\">\u00a0<\/span><br \/>\nKatarina je kon\u010dala noviciat 5. 2. 1831 in od takrat pa do smrti je \u017eivela in opravljala tudi najpreprostej\u0161a opravila v domu za bolne in ostalele v kraju Reuilly, danes predmestje Pariza. \u2013 Umrla je 31. 12. 1876, med svete je bila pri\u0161teta 27. julija 1947.<span class=\"Apple-converted-space\">\u00a0<\/span><\/p>\n<p><strong>Rojstni dnevi sobratov:<span class=\"Apple-converted-space\">\u00a0<\/span><\/strong><br \/>\n01.11.1965: Robert Petkovsek,<span class=\"Apple-converted-space\">\u00a0<\/span><br \/>\n04.11.1960: Vinko Tomi\u0107,<span class=\"Apple-converted-space\">\u00a0<\/span><br \/>\n09.11.1958: Anton Kerin,<span class=\"Apple-converted-space\">\u00a0<\/span><br \/>\n14.11.1974: Valant Leopold,<br \/>\n16.11.1947: Jo\u017ee Zupan\u010di\u010d,<span class=\"Apple-converted-space\">\u00a0<\/span><br \/>\n25.11.1936: Ivan Plazar<\/p>\n","protected":false},"excerpt":{"rendered":"<p>13. 11. &#8211;\u00a0Sv. Avgu\u0161tina Pietrantoni\u00a0, dev. (1864-1894) Rojena je bila 27. marca 1864 in kr\u0161\u010dena \u0161e isti dan na ime Olivija. Njeni star\u0161i so bili kmetje. Olivija pa je druga od enajstih otrok. Ko je imela \u0161tiri leta je prejela sveto birmo, prvo obhajilo pa leta 1876. Od zgodnje mladosti je delala na polju ali &hellip; <a href=\"https:\/\/brezmadezna.com\/sl\/md\/vincencij\/dnevi\/november\/\" class=\"more-link\">Continue reading <span class=\"screen-reader-text\">NOVEMBER<\/span><\/a><\/p>\n","protected":false},"author":1,"featured_media":0,"parent":171,"menu_order":0,"comment_status":"closed","ping_status":"closed","template":"","meta":{"footnotes":""},"class_list":["post-44","page","type-page","status-publish","hentry"],"_links":{"self":[{"href":"https:\/\/brezmadezna.com\/sl\/wp-json\/wp\/v2\/pages\/44","targetHints":{"allow":["GET"]}}],"collection":[{"href":"https:\/\/brezmadezna.com\/sl\/wp-json\/wp\/v2\/pages"}],"about":[{"href":"https:\/\/brezmadezna.com\/sl\/wp-json\/wp\/v2\/types\/page"}],"author":[{"embeddable":true,"href":"https:\/\/brezmadezna.com\/sl\/wp-json\/wp\/v2\/users\/1"}],"replies":[{"embeddable":true,"href":"https:\/\/brezmadezna.com\/sl\/wp-json\/wp\/v2\/comments?post=44"}],"version-history":[{"count":3,"href":"https:\/\/brezmadezna.com\/sl\/wp-json\/wp\/v2\/pages\/44\/revisions"}],"predecessor-version":[{"id":593,"href":"https:\/\/brezmadezna.com\/sl\/wp-json\/wp\/v2\/pages\/44\/revisions\/593"}],"up":[{"embeddable":true,"href":"https:\/\/brezmadezna.com\/sl\/wp-json\/wp\/v2\/pages\/171"}],"wp:attachment":[{"href":"https:\/\/brezmadezna.com\/sl\/wp-json\/wp\/v2\/media?parent=44"}],"curies":[{"name":"wp","href":"https:\/\/api.w.org\/{rel}","templated":true}]}}